{"id":214,"date":"2020-11-20T18:31:37","date_gmt":"2020-11-20T18:31:37","guid":{"rendered":"https:\/\/riterm.org\/index\/?page_id=214"},"modified":"2024-04-01T13:52:09","modified_gmt":"2024-04-01T13:52:09","slug":"anteriors","status":"publish","type":"page","link":"https:\/\/riterm.org\/index.php\/anteriors\/","title":{"rendered":"Anteriors"},"content":{"rendered":"\n<div class=\"wp-block-cover is-light\" style=\"min-height:289px;aspect-ratio:unset;\"><span aria-hidden=\"true\" class=\"wp-block-cover__background has-background-dim\"><\/span><img loading=\"lazy\" decoding=\"async\" width=\"800\" height=\"500\" class=\"wp-block-cover__image-background wp-image-267\" alt=\"\" src=\"https:\/\/riterm.org\/wp-content\/uploads\/2020\/11\/catala.jpg\" data-object-fit=\"cover\" srcset=\"https:\/\/riterm.org\/wp-content\/uploads\/2020\/11\/catala.jpg 800w, https:\/\/riterm.org\/wp-content\/uploads\/2020\/11\/catala-300x188.jpg 300w, https:\/\/riterm.org\/wp-content\/uploads\/2020\/11\/catala-768x480.jpg 768w\" sizes=\"auto, (max-width: 800px) 100vw, 800px\" \/><div class=\"wp-block-cover__inner-container is-layout-flow wp-block-cover-is-layout-flow\">\n<p class=\"has-text-align-center\" style=\"font-size:50px\">Anteriors<\/p>\n<\/div><\/div>\n\n\n\n<hr class=\"wp-block-separator has-css-opacity is-style-wide\"\/>\n\n\n\n<h3 class=\"wp-block-heading\" id=\"h.p_l_yrfRf3Bj4H\">De 1988 a 1990<\/h3>\n\n\n\n<p id=\"h.p_Vj-__USzBl0P\"><strong>Membres:<\/strong><\/p>\n\n\n\n<p id=\"h.p_zgC0Xe6oBnRj\">Alicia Fedor de Diego \u2013 Universitat Sim\u00f3n Bol\u00edvar de Caracas, Vene\u00e7uela<\/p>\n\n\n\n<p id=\"h.p_YauRezjeBnRn\">Michele Boroni de S\u00e1nchez-Vegas \u2013 Universitat Sim\u00f3n Bol\u00edvar de Caracas, Vene\u00e7uela<\/p>\n\n\n\n<h3 class=\"wp-block-heading\" id=\"h.p_rdoCCaCVBymV\"><a href=\"https:\/\/sites.google.com\/view\/riterm\/ct\/comite\/anteriors?authuser=0#h.p_rdoCCaCVBymV\"><\/a>De 1994 a 1996<\/h3>\n\n\n\n<p id=\"h.p_xdgfRQQtB7IF\"><strong>Membres:<\/strong><\/p>\n\n\n\n<p id=\"h.p_zgiN5KGyB87Q\">Maria Teresa Cabr\u00e9 \u2013 Universitat Pompeu Fabra, Group IULATERM, Barcelona<\/p>\n\n\n\n<p id=\"h.p_z0nXUVy3B87R\">Jos\u00e9 Sindland d\u2019Espouy \u2013 Argentina<\/p>\n\n\n\n<p id=\"h.p_EKlKNDIVB87S\">Daniel Prado \u2013 Uni\u00f3 Llatina, Fran\u00e7a<\/p>\n\n\n\n<p id=\"h.p_B9imOmtuB87T\">Rodolfo Alp\u00edzar \u2013 Uni\u00f3 Llatina, Cuba<\/p>\n\n\n\n<p id=\"h.p_VkR8V6JmB87V\">Enilde Faulstich \u2013 Universitat di Bras\u00edlia (UnB), Centre LexTerm, Brasil<\/p>\n\n\n\n<h3 class=\"wp-block-heading\" id=\"h.p_ed_Rm5G-CAO0\"><a href=\"https:\/\/sites.google.com\/view\/riterm\/ct\/comite\/anteriors?authuser=0#h.p_ed_Rm5G-CAO0\"><\/a>De 1996 a 1998<\/h3>\n\n\n\n<p id=\"h.p_andNARM5CCRV\"><strong>President:<\/strong><\/p>\n\n\n\n<p id=\"h.p_X22vQQz2CEBO\">Maria Teresa Cabr\u00e9 \u2013 Universitat Pompeu Fabra, Group IULATERM, Barcelona<\/p>\n\n\n\n<p id=\"h.p_wK0_McIkCEBO\"><strong>Vicepresident:<\/strong><\/p>\n\n\n\n<p id=\"h.p_H94FFRA6CEBP\">Rodolfo Alp\u00edzar \u2013 Uni\u00f3 Llatina, Cuba<\/p>\n\n\n\n<p id=\"h.p_eecvmtZACEBQ\">Enilde Faulstich \u2013 Universitat di Bras\u00edlia (UnB), Centre LexTerm, Brasil<\/p>\n\n\n\n<p id=\"h.p_eS1vJdOkCEBR\"><strong>Tresoreria:<\/strong><\/p>\n\n\n\n<p id=\"h.p_xbMnCB1HCEBS\">Leticia Leduc \u2013 Organizaci\u00f3n Mexicana de Traductores, M\u00e8xic<\/p>\n\n\n\n<p id=\"h.p_Ju4TBFN4CEBT\"><strong>Secretaria:<\/strong><\/p>\n\n\n\n<p id=\"h.p_4ZQUvEDbCEBU\">Daniel Prado \u2013 Uni\u00f3 Llatina, Fran\u00e7a<\/p>\n\n\n\n<h3 class=\"wp-block-heading\" id=\"h.p_mKfoVN4cCFSt\"><a href=\"https:\/\/sites.google.com\/view\/riterm\/ct\/comite\/anteriors?authuser=0#h.p_mKfoVN4cCFSt\"><\/a>De 1998 a 2000<\/h3>\n\n\n\n<p id=\"h.p_OmQZMqzjCJpt\"><strong>President:<\/strong><\/p>\n\n\n\n<p id=\"h.p_xwSGZPewCLJi\">Maria Teresa Cabr\u00e9 \u2013 Universitat Pompeu Fabra, Group IULATERM, Barcelona<\/p>\n\n\n\n<p id=\"h.p_PR8tddzOCLJj\"><strong>Vicepresident:<\/strong><\/p>\n\n\n\n<p id=\"h.p_Xrsj949kCLJj\">Berta Nelly de Cardona \u2013 Col\u00f2mbia<\/p>\n\n\n\n<p id=\"h.p_0TnoxwEFCLJk\">Rodolfo Alp\u00edzar \u2013 Uni\u00f3 Llatina, Cuba<\/p>\n\n\n\n<p id=\"h.p_CsmRLTj4CLJk\"><strong>Tresoreria:<\/strong><\/p>\n\n\n\n<p id=\"h.p_Mqq2aom0CLJl\">Ieda Maria Alves \u2013 Universitat S\u00e3o Paulo (USP), Group TermNeo, Brasil<\/p>\n\n\n\n<p id=\"h.p_NIX02NsnCLJl\"><strong>Secretaria:<\/strong><\/p>\n\n\n\n<p id=\"h.p_mMeqxNQiCLJm\">Daniel Prado \u2013 Uni\u00f3 Llatina, Fran\u00e7a<\/p>\n\n\n\n<h3 class=\"wp-block-heading\" id=\"h.p_cOJV26N7CMRD\"><a href=\"https:\/\/sites.google.com\/view\/riterm\/ct\/comite\/anteriors?authuser=0#h.p_cOJV26N7CMRD\"><\/a>De 2000 a 2002<\/h3>\n\n\n\n<p id=\"h.p_ev7aTd3aCQ5N\"><strong>President:<\/strong><\/p>\n\n\n\n<p id=\"h.p_hwKmAUo0CSVf\">Ieda Maria Alves \u2013 Universitat S\u00e3o Paulo (USP), Group TermNeo, Brasil<\/p>\n\n\n\n<p id=\"h.p_qXFabjegCSVg\"><strong>Vicepresident:<\/strong><\/p>\n\n\n\n<p id=\"h.p_Myk5XK4XCSVh\">Berta Nelly de Cardona \u2013 Col\u00f2mbia<\/p>\n\n\n\n<p id=\"h.p_cDpddbG4CSVj\">Ana Mar\u00eda Cardero Garc\u00eda \u2013 Universitat Nacional Autonoma do M\u00e9xico, M\u00e8xic<\/p>\n\n\n\n<p id=\"h.p_Mvx3M_WxCSVk\"><strong>Tresoreria:<\/strong><\/p>\n\n\n\n<p id=\"h.p_2k-ldwpJCSVl\">Carles Teb\u00e9 \u2013 Universitat Pompeu Fabra, Group IULATERM, Barcelona<\/p>\n\n\n\n<p id=\"h.p_9T9ESaj6CSVm\"><strong>Secretaria:<\/strong><\/p>\n\n\n\n<p id=\"h.p_D05lvxybCSVn\">Daniel Prado \u2013 Uni\u00f3 Llatina, Fran\u00e7a<\/p>\n\n\n\n<h3 class=\"wp-block-heading\" id=\"h.p_N6FN847yCTcJ\"><a href=\"https:\/\/sites.google.com\/view\/riterm\/ct\/comite\/anteriors?authuser=0#h.p_N6FN847yCTcJ\"><\/a>De 2002 a 2004<\/h3>\n\n\n\n<p id=\"h.p_-7dD8KZyCXDk\"><strong>President:<\/strong><\/p>\n\n\n\n<p id=\"h.p_aENipmo_CYff\">Ana Mar\u00eda Cardero Garc\u00eda \u2013 Universitat Nacional Autonoma do M\u00e9xico, M\u00e8xic<\/p>\n\n\n\n<p id=\"h.p_kXWXgPUNCYfg\"><strong>Vicepresident:<\/strong><\/p>\n\n\n\n<p id=\"h.p_JMEcwFQnCYfg\">Maria da Gra\u00e7a Krieger \u2013 Universitat Federal do Rio Grande do Sul (UFRGS), Group Termisul, Brasil<\/p>\n\n\n\n<p id=\"h.p_YP2hEeDlCYfg\">Mary Fuentes \u2013 Universidad de Concepci\u00f3n, Xile<\/p>\n\n\n\n<p id=\"h.p_IbXU0ledCYfh\"><strong>Tresoreria:<\/strong><\/p>\n\n\n\n<p id=\"h.p_CSLP0astCYfi\">Carles Teb\u00e9 \u2013 Universitat Pompeu Fabra, Group IULATERM, Barcelona<\/p>\n\n\n\n<p id=\"h.p_LP3cW--6CYfi\"><strong>Secretaria:<\/strong><\/p>\n\n\n\n<p id=\"h.p_9sPKMVn1CYfj\">Daniel Prado \u2013 Uni\u00f3 Llatina, Fran\u00e7a<\/p>\n\n\n\n<h3 class=\"wp-block-heading\" id=\"h.p_7MYJMnnyCZVL\"><a href=\"https:\/\/sites.google.com\/view\/riterm\/ct\/comite\/anteriors?authuser=0#h.p_7MYJMnnyCZVL\"><\/a>De 2004 a 2006<\/h3>\n\n\n\n<p id=\"h.p_a74G5cylCdvj\"><strong>President:<\/strong><\/p>\n\n\n\n<p id=\"h.p_KSrw95bdCfJ_\">Maria da Gra\u00e7a Krieger \u2013 Universitat Federal do Rio Grande do Sul (UFRGS), Group Termisul, Brasil<\/p>\n\n\n\n<p id=\"h.p_1Q6ei77mCfKA\"><strong>Vicepresident:<\/strong><\/p>\n\n\n\n<p id=\"h.p_UdCPwm1uCfKB\">Margarita Correia \u2013 Instituto de Lingu\u00edstica Te\u00f3rica e Computacional (ILTEC), Portugal<\/p>\n\n\n\n<p id=\"h.p_-KHCSBSZCfKB\">Mary Fuentes \u2013 Universitat de Concepci\u00f3n, Xile<\/p>\n\n\n\n<p id=\"h.p_BAi5r5x4CfKB\"><strong>Tresoreria:<\/strong><\/p>\n\n\n\n<p id=\"h.p_POrJHl07CfKD\">Rosa Estop\u00e0 \u2013 Universitat Pompeu Fabra, Group IULATERM, Barcelona<\/p>\n\n\n\n<p id=\"h.p__1RvSUJhCfKD\"><strong>Secretaria:<\/strong><\/p>\n\n\n\n<p id=\"h.p__ncj3N_UCfKD\">Daniel Prado \u2013 Uni\u00f3 Llatina, Fran\u00e7a<\/p>\n\n\n\n<h3 class=\"wp-block-heading\" id=\"h.p_qAv48PTQCf55\"><a href=\"https:\/\/sites.google.com\/view\/riterm\/ct\/comite\/anteriors?authuser=0#h.p_qAv48PTQCf55\"><\/a>De 2006 a 2008<\/h3>\n\n\n\n<p id=\"h.p_RtaSB7ISCkwM\"><strong>President:<\/strong><\/p>\n\n\n\n<p id=\"h.p_eWLBtMPFCmMT\">Margarita Correia \u2013 Instituto de Lingu\u00edstica Te\u00f3rica e Computacional (ILTEC), Portugal<\/p>\n\n\n\n<p id=\"h.p_iXPRAXLlCmMU\"><strong>Vicepresident:<\/strong><\/p>\n\n\n\n<p id=\"h.p_B-5xtH52CmMU\">Luc\u00eda Fabbri \u2013 Red Uruterm, Uruguai<\/p>\n\n\n\n<p id=\"h.p_8bisOFokCmMU\"><strong>Tresoreria:<\/strong><\/p>\n\n\n\n<p id=\"h.p_ovdkOC_bCmMV\">Cleci Regina Bevilacqua \u2013 Universitat Federal do Rio Grande do Sul (UFRGS), Group Termisul, Brasil<\/p>\n\n\n\n<p id=\"h.p_vvVhwnz4CmMV\"><strong>Secretaria:<\/strong><\/p>\n\n\n\n<p id=\"h.p_lDahex1qCmMV\">Daniel Prado \u2013 Uni\u00f3 Llatina, Fran\u00e7a<\/p>\n\n\n\n<p id=\"h.p_KIOTrTe8CmMX\"><strong>Revista Debate Terminol\u00f3gico:<\/strong><\/p>\n\n\n\n<p id=\"h.p_iaruex5uCmMX\">Rosa Estop\u00e0 \u2013 Universitat Pompeu Fabra, Group IULATERM, Barcelona<\/p>\n\n\n\n<h3 class=\"wp-block-heading\" id=\"h.p_xA9LooJnCm_M\"><a href=\"https:\/\/sites.google.com\/view\/riterm\/ct\/comite\/anteriors?authuser=0#h.p_xA9LooJnCm_M\"><\/a>De 2008 a 2010<\/h3>\n\n\n\n<p id=\"h.p_a_EfYgbbCqy4\"><strong>President:<\/strong><\/p>\n\n\n\n<p id=\"h.p_C1GGnQijCsIx\">Luc\u00eda Fabbri \u2013 Red Uruterm, Uruguai<\/p>\n\n\n\n<p id=\"h.p_LtgytV3HCsIy\"><strong>Vicepresident:<\/strong><\/p>\n\n\n\n<p id=\"h.p_FXtNyFNnCsIz\">Margarita Correia \u2013 Instituto de Lingu\u00edstica Te\u00f3rica e Computacional (ILTEC), Portugal<\/p>\n\n\n\n<p id=\"h.p_kuh91pgnCsIz\"><strong>Secretaria:<\/strong><\/p>\n\n\n\n<p id=\"h.p_OVwtHMlgCsI0\">Cleci Regina Bevilacqua \u2013 Universitat Federal do Rio Grande do Sul (UFRGS), Group Termisul, Brasil<\/p>\n\n\n\n<p id=\"h.p_1QDj9KpzCsI0\"><strong>Revista Debate Terminol\u00f3gico:<\/strong><\/p>\n\n\n\n<p id=\"h.p_t4i33dO8CsI0\">Rosa Estop\u00e0 \u2013 Universitat Pompeu Fabra, Group IULATERM, Barcelona<\/p>\n\n\n\n<p id=\"h.p_c407MQ_mCsI1\"><strong>Representant del XIII Simposi:<\/strong><\/p>\n\n\n\n<p id=\"h.p_3MQ1oWC9CsI1\">Estela Lalanne de Servente \u2013 Colegio de Traductores P\u00fablicos de la Ciudad de Buenos Aires, Argentina<\/p>\n\n\n\n<h3 class=\"wp-block-heading\">De 2018 a 2020<\/h3>\n\n\n\n<p id=\"h.p_7A_qPbINAE5t\"><strong>President:<\/strong><\/p>\n\n\n\n<p id=\"h.p_CnnmVb9BAFSK\">Carles Teb\u00e9 \u2013 Pontificia Universitat Cat\u00f3lica del Chile, Chile<\/p>\n\n\n\n<p id=\"h.p_LnYbW2K6AFSK\"><strong>Vicepresident:<\/strong><\/p>\n\n\n\n<p id=\"h.p__ePQB1CwAFSM\">Rosa Luna Garcia \u2013 Universitat Sagrado Coraz\u00f3n e Universitat Ricardo Palma, Peru<\/p>\n\n\n\n<p id=\"h.p_cpLMcmuqAFSN\"><strong>Secretaria:<\/strong><\/p>\n\n\n\n<p id=\"h.p_IppFoI_wAFSO\">Marisela Colin Rodea \u2013 Universitat Nacional Aut\u00f3noma de M\u00e9xico, M\u00e9xico<\/p>\n\n\n\n<p id=\"h.p_vGRDso0aAFSO\"><strong>Comunicaci\u00f3:<\/strong><\/p>\n\n\n\n<p id=\"h.p_nUHymZYtAFSQ\">Leandro Henrique Mendonca de Oliveira \u2013 Empresa Brasileira de Pesquisa Agropecu\u00e1ria \u2013 EMBRAPA, Brasil<\/p>\n\n\n\n<p id=\"h.p_9cpQzRhlAFSQ\"><strong>Revista Debate Terminol\u00f3gico:<\/strong><\/p>\n\n\n\n<p id=\"h.p_ugH7GsQbAFSR\">M. Amor Montan\u00e9 March \u2013 Universitat Pompeu Fabra, Grupo IULA, Espana<\/p>\n\n\n\n<p id=\"h.p_NzCNZ20oAFSS\"><strong>Representante del XVI Simposi:<\/strong><\/p>\n\n\n\n<p id=\"h.p_dxDfI-nAAFSS\">Ieda Maria Alves \u2013 Universitat del S\u00e3o Paulo, USP, Faculdade de Filosofia, Letras, Ci\u00eancias Humanas, Brasil<\/p>\n\n\n\n<h3 class=\"wp-block-heading\">De 2020 a 2021<\/h3>\n\n\n\n<p id=\"h.p_eJTaaLMShVXk\"><strong>Presidenta:<\/strong><\/p>\n\n\n\n<p id=\"h.p_BfukiFzshV0A\">Marisela Colin Rodea \u2013 Universidad Nacional Aut\u00f3noma de M\u00e9xico, M\u00e8xic<\/p>\n\n\n\n<p id=\"h.p_qHgpNWLMhV0C\"><strong>Vicepresidenta:<\/strong><\/p>\n\n\n\n<p id=\"h.p_rVB_Vu8PhV0D\">Mary Ann Monteagudo Medina, UPCA, Per\u00fa<\/p>\n\n\n\n<p id=\"h.p_yHSWgfC6hV0G\"><strong>Secretar<\/strong>i<strong>a:<\/strong><\/p>\n\n\n\n<p id=\"h.p_mU4_LyTchV0H\">John Jairo Giraldo Ortiz, UdeA, Col\u00f2mbia<\/p>\n\n\n\n<p id=\"h.p_rn5_Iwf9hV0I\"><strong>Comunicaci\u00f3:<\/strong><\/p>\n\n\n\n<p id=\"h.p_rG_DUJgyhV0J\">Alexandra F. M\u00fcller, UFRGS, Brasil<\/p>\n\n\n\n<p id=\"h.p_AOMyhq41hV0J\"><strong>Revista Debate Terminol\u00f3gico:<\/strong><\/p>\n\n\n\n<p id=\"h.p_FW6H0rGghV0K\">Cristiane Krause Kilian, ISAI, Brasil<\/p>\n\n\n\n<p id=\"h.p_GsccPpkXhV0K\"><strong>Representant del XVII Simposi:<\/strong><\/p>\n\n\n\n<p id=\"h.p_7DgVLIE1hV0L\">Gerardo E. Sierra Mart\u00ednez, UNAM, M\u00e8xic<\/p>\n\n\n\n<h3 class=\"wp-block-heading\">De 2021 a 2023<\/h3>\n\n\n\n<p id=\"h.p_eJTaaLMShVXk\"><strong>Presidenta:<\/strong><\/p>\n\n\n\n<p id=\"h.p_BfukiFzshV0A\">Mary Ann Monteagudo Medina, Universidad Peruana de Ciencias Aplicadas, Per\u00fa<\/p>\n\n\n\n<p id=\"h.p_qHgpNWLMhV0C\"><strong>Vicepresident:<\/strong><\/p>\n\n\n\n<p id=\"h.p_rVB_Vu8PhV0D\">John Jairo Giraldo Ortiz, Universidad de Antioquia, Col\u00f2mbia<\/p>\n\n\n\n<p id=\"h.p_yHSWgfC6hV0G\"><strong>Secretaria:<\/strong><\/p>\n\n\n\n<p id=\"h.p_mU4_LyTchV0H\">Ioana Cornea, ENALT-Universidad Aut\u00f3noma de M\u00e9xico, M\u00e8xic<\/p>\n\n\n\n<p id=\"h.p_rn5_Iwf9hV0I\"><strong>Comunicacions:<\/strong><\/p>\n\n\n\n<p id=\"h.p_rG_DUJgyhV0J\">Jorge M. Porras-Garz\u00f3n, IULA-Universitat Pompeu Fabra, Espa\u00f1a<\/p>\n\n\n\n<p id=\"h.p_AOMyhq41hV0J\"><strong>Revista Debate Terminol\u00f3gico:<\/strong><\/p>\n\n\n\n<p id=\"h.p_FW6H0rGghV0K\">Jorge L\u00e1zaro, Universidad Aut\u00f3noma de Baja California, M\u00e8xic<\/p>\n\n\n\n<p id=\"h.p_GsccPpkXhV0K\"><strong>Representant del XVIII Simposi:<\/strong><\/p>\n\n\n\n<p id=\"h.p_7DgVLIE1hV0L\">M\u00e1rcio Sales Santiago, Universidad Federal de R\u00edo Grande del Norte, Brasil<\/p>\n","protected":false},"excerpt":{"rendered":"<p>De 1988 a 1990 Membres: Alicia Fedor de Diego \u2013 Universitat Sim\u00f3n Bol\u00edvar de Caracas, Vene\u00e7uela Michele Boroni de S\u00e1nchez-Vegas \u2013 Universitat Sim\u00f3n Bol\u00edvar de Caracas, Vene\u00e7uela De 1994 a 1996 Membres: Maria Teresa Cabr\u00e9 \u2013 Universitat Pompeu Fabra, Group IULATERM, Barcelona Jos\u00e9 Sindland d\u2019Espouy \u2013 Argentina Daniel Prado \u2013 Uni\u00f3 Llatina, Fran\u00e7a Rodolfo Alp\u00edzar [&hellip;]<\/p>\n","protected":false},"author":1,"featured_media":0,"parent":0,"menu_order":0,"comment_status":"closed","ping_status":"closed","template":"","meta":{"footnotes":""},"class_list":["post-214","page","type-page","status-publish","hentry"],"_links":{"self":[{"href":"https:\/\/riterm.org\/index.php\/wp-json\/wp\/v2\/pages\/214","targetHints":{"allow":["GET"]}}],"collection":[{"href":"https:\/\/riterm.org\/index.php\/wp-json\/wp\/v2\/pages"}],"about":[{"href":"https:\/\/riterm.org\/index.php\/wp-json\/wp\/v2\/types\/page"}],"author":[{"embeddable":true,"href":"https:\/\/riterm.org\/index.php\/wp-json\/wp\/v2\/users\/1"}],"replies":[{"embeddable":true,"href":"https:\/\/riterm.org\/index.php\/wp-json\/wp\/v2\/comments?post=214"}],"version-history":[{"count":5,"href":"https:\/\/riterm.org\/index.php\/wp-json\/wp\/v2\/pages\/214\/revisions"}],"predecessor-version":[{"id":1014,"href":"https:\/\/riterm.org\/index.php\/wp-json\/wp\/v2\/pages\/214\/revisions\/1014"}],"wp:attachment":[{"href":"https:\/\/riterm.org\/index.php\/wp-json\/wp\/v2\/media?parent=214"}],"curies":[{"name":"wp","href":"https:\/\/api.w.org\/{rel}","templated":true}]}}